{"id":6119,"date":"2019-03-22T13:44:22","date_gmt":"2019-03-22T12:44:22","guid":{"rendered":"https:\/\/skalnik.pl\/blog\/?page_id=6119"},"modified":"2019-03-27T09:05:48","modified_gmt":"2019-03-27T08:05:48","slug":"wywiady","status":"publish","type":"page","link":"https:\/\/www.skalnik.pl\/blog\/wywiady\/","title":{"rendered":"Wywiady"},"content":{"rendered":"<p>Ludzie outdooru maj\u0105 ca\u0142\u0105 mas\u0119 ciekawych historii do opowiedzenia. Ich styl \u017cycia, aktywno\u015bci, kt\u00f3rych si\u0119 podejmuj\u0105 i miejsca, w kt\u00f3rych bywaj\u0105 \u2013 wszystko to mo\u017ce sta\u0107 si\u0119 tematem ciekawej i szczerej rozmowy. Na pewno zainteresuje ci\u0119 sk\u0105d alpini\u015bci bior\u0105 pomys\u0142y na realizacj\u0119 kolejnych projekt\u00f3w lub to czy w g\u00f3rach towarzyszy im strach. Z pewno\u015bci\u0105 ch\u0119tnie dowiesz si\u0119, jak wpada si\u0119 na pomys\u0142 d\u0142ugodystanowej w\u0119dr\u00f3wki i jak t\u0119 w\u0119dr\u00f3wke si\u0119 p\u00f3\u017cniej realizuje. By\u0107 mo\u017ce zainteresuje ci\u0119 historia, kt\u00f3ra wi\u0105\u017ce si\u0119 z powstaniem sklepu Skalnik lub innej firmy z bran\u017cy outdoorowej.<\/p>\n<p>Rozmawiamy z alpinistami, przewodnikami, lud\u017ami bran\u017cy outdoorowej, podr\u00f3\u017cnikami i w\u0119drowcami. Przeprowadzamy wywiady, by dzieli\u0107 si\u0119 inspiracjami. Mamy to ogromne szcz\u0119\u015bcie w \u017cyciu, \u017ce \u017cyjemy tym czym zajmujemy si\u0119 zawodowo. Mamy to szcz\u0119\u015bcie, \u017ce co krok spotykamy w swojej pracy ciekawych i \u017cyczliwych ludzi.<\/p>\n<p>Skalnik blog to projekt, kt\u00f3ry w zamy\u015ble ma by\u0107 miejscem wymiany my\u015bli, a te najbardziej naturalnie przekazuje si\u0119 po prostu w rozmowie. Wywiady na blogu Skalnika powstaj\u0105 przy okazji r\u00f3\u017cnych sytuacji. Ludzi g\u00f3r spotykamy w pracy. Czasem te\u017c wyruszamy na ich spotkanie specjalnie i zabieramy dyktafony na festiwale g\u00f3rskie, spotkania autorskie. Pierwsze wywiady po uruchomieniu nowego blogu Skalnika uda\u0142o nam si\u0119 zrobi\u0107 podczas Festiwalu G\u00f3rskiego w L\u0105dku. Rozmawiali\u015bmy z przewodnikiem wysokog\u00f3rskim Maciejem Ciesielskim, basejumperk\u0105 Mart\u0105 Soko\u0142owska i biegaczk\u0105 Natali\u0105 Tomasiak. Ju\u017c wtedy, od pewnego czasu, filmowali\u015bmy go\u015bci Spotka\u0144 z G\u00f3rami, zadaj\u0105c im pytania od internaut\u00f3w i wypytuj\u0105c o to, co interesuj\u0105ce dla ludzi kochaj\u0105cych g\u00f3ry. Staramy si\u0119 teraz, by po ka\u017cdych Spotkaniach z G\u00f3rami zosta\u0142o co\u015b, co b\u0119dzie \u017cy\u0107 nieco d\u0142u\u017cej ni\u017c prelekcja. W\u0142a\u015bnie dlatego na naszym kanale You Tube mo\u017cesz obejrze\u0107 wywiady filmowe z go\u015b\u0107mi Spotka\u0144 z G\u00f3rami, a na blogu przeczyta\u0107 rozmow\u0119, kt\u00f3r\u0105 uda\u0142o nam si\u0119 jeszcze zarejestrowa\u0107 przy kawie. Nie zapominaj, \u017ce wywiady na You Tube to w pewnym stopniu przed\u0142u\u017cenie tej sekcji naszego bloga. Zajrzyj r\u00f3wnie\u017c i tam, a znajdziesz rozmowy z Krzysztofem Wielickim, Denisem Urubko, Mateuszem Walig\u00f3r\u0105 i wieloma innymi osobami, kt\u00f3re podzieli\u0142y si\u0119 z nami opowie\u015bci\u0105 o swoim \u017cyciu i pasji.<\/p>\n<p>Zagl\u0105daj tu od czasu do czasu. Mamy ambicj\u0119, by ten dzia\u0142 rozwija\u0142 si\u0119 pr\u0119\u017cnie i inspirowa\u0142 tak\u017ce ciebie do outdoorowych przyg\u00f3d. B\u0119dzie nam mi\u0142o, je\u015bli zostawisz znak lub do\u0142\u0105czysz do rozmowy. Do\u0142\u0105cz do dyskusji lub j\u0105 rozpocznij. Pod ka\u017cdym wywiadem masz mo\u017cliwo\u015b\u0107 zostawienia komentarza. Mo\u017ce to by\u0107 cho\u0107by pytanie, kt\u00f3re zadamy kolejnym razem, gdy zn\u00f3w spotkamy si\u0119 na rozmowy z alpinistami, wspinaczami, podr\u00f3\u017cnikami, przewodnikami g\u00f3rskimi&#8230;<\/p>\n","protected":false},"excerpt":{"rendered":"<p>Lubimy s\u0142ucha\u0107 ciekawych opowie\u015bci. Lubimy rozmawia\u0107 z lud\u017ami, kt\u00f3rzy inspiruj\u0105 do dzia\u0142ania. W tej sekcji na blogu Skalnika znajdziesz wywiady. Usi\u0105d\u017a wygodnie przed komputerem, zaparz fili\u017cank\u0119 ulubionej herbaty lub zr\u00f3b sobie aromatyczn\u0105 kaw\u0119 i przys\u0142uchaj si\u0119 naszej rozmowie.<\/p>\n","protected":false},"author":7,"featured_media":0,"parent":0,"menu_order":0,"comment_status":"closed","ping_status":"closed","template":"templates\/category_template.php","meta":{"_acf_changed":false,"footnotes":""},"magento_category":[],"class_list":["post-6119","page","type-page","status-publish","hentry"],"acf":[],"aioseo_notices":[],"aioseo_head":"\n\t\t<!-- All in One SEO 4.9.10 - aioseo.com -->\n\t<meta name=\"description\" content=\"Ludzie outdooru maj\u0105 ca\u0142\u0105 mas\u0119 ciekawych historii do opowiedzenia. Ich styl \u017cycia, aktywno\u015bci, kt\u00f3rych si\u0119 podejmuj\u0105 i miejsca, w kt\u00f3rych bywaj\u0105 \u2013 wszystko to mo\u017ce sta\u0107 si\u0119 tematem ciekawej i szczerej rozmowy. Na pewno zainteresuje ci\u0119 sk\u0105d alpini\u015bci bior\u0105 pomys\u0142y na realizacj\u0119 kolejnych projekt\u00f3w lub to czy w g\u00f3rach towarzyszy im strach. Z pewno\u015bci\u0105 ch\u0119tnie\" \/>\n\t<meta name=\"robots\" content=\"max-image-preview:large\" \/>\n\t<link rel=\"canonical\" href=\"https:\/\/www.skalnik.pl\/blog\/wywiady\/\" \/>\n\t<meta name=\"generator\" content=\"All in One SEO (AIOSEO) 4.9.10\" \/>\n\t\t<meta property=\"og:locale\" content=\"pl_PL\" \/>\n\t\t<meta property=\"og:site_name\" content=\"blog Skalnik - Blog, porady, artyku\u0142y - blog Skalnik\" \/>\n\t\t<meta property=\"og:type\" content=\"article\" \/>\n\t\t<meta property=\"og:title\" content=\"Wywiady - blog Skalnik\" \/>\n\t\t<meta property=\"og:description\" content=\"Ludzie outdooru maj\u0105 ca\u0142\u0105 mas\u0119 ciekawych historii do opowiedzenia. Ich styl \u017cycia, aktywno\u015bci, kt\u00f3rych si\u0119 podejmuj\u0105 i miejsca, w kt\u00f3rych bywaj\u0105 \u2013 wszystko to mo\u017ce sta\u0107 si\u0119 tematem ciekawej i szczerej rozmowy. Na pewno zainteresuje ci\u0119 sk\u0105d alpini\u015bci bior\u0105 pomys\u0142y na realizacj\u0119 kolejnych projekt\u00f3w lub to czy w g\u00f3rach towarzyszy im strach. Z pewno\u015bci\u0105 ch\u0119tnie\" \/>\n\t\t<meta property=\"og:url\" content=\"https:\/\/www.skalnik.pl\/blog\/wywiady\/\" \/>\n\t\t<meta property=\"article:published_time\" content=\"2019-03-22T12:44:22+00:00\" \/>\n\t\t<meta property=\"article:modified_time\" content=\"2019-03-27T08:05:48+00:00\" \/>\n\t\t<meta name=\"twitter:card\" content=\"summary_large_image\" \/>\n\t\t<meta name=\"twitter:title\" content=\"Wywiady - blog Skalnik\" \/>\n\t\t<meta name=\"twitter:description\" content=\"Ludzie outdooru maj\u0105 ca\u0142\u0105 mas\u0119 ciekawych historii do opowiedzenia. Ich styl \u017cycia, aktywno\u015bci, kt\u00f3rych si\u0119 podejmuj\u0105 i miejsca, w kt\u00f3rych bywaj\u0105 \u2013 wszystko to mo\u017ce sta\u0107 si\u0119 tematem ciekawej i szczerej rozmowy. Na pewno zainteresuje ci\u0119 sk\u0105d alpini\u015bci bior\u0105 pomys\u0142y na realizacj\u0119 kolejnych projekt\u00f3w lub to czy w g\u00f3rach towarzyszy im strach. Z pewno\u015bci\u0105 ch\u0119tnie\" \/>\n\t\t<script type=\"application\/ld+json\" class=\"aioseo-schema\">\n\t\t\t{\"@context\":\"https:\\\/\\\/schema.org\",\"@graph\":[{\"@type\":\"BreadcrumbList\",\"@id\":\"https:\\\/\\\/www.skalnik.pl\\\/blog\\\/wywiady\\\/#breadcrumblist\",\"itemListElement\":[{\"@type\":\"ListItem\",\"@id\":\"https:\\\/\\\/www.skalnik.pl\\\/blog#listItem\",\"position\":1,\"name\":\"Home\",\"item\":\"https:\\\/\\\/www.skalnik.pl\\\/blog\",\"nextItem\":{\"@type\":\"ListItem\",\"@id\":\"https:\\\/\\\/www.skalnik.pl\\\/blog\\\/wywiady\\\/#listItem\",\"name\":\"Wywiady\"}},{\"@type\":\"ListItem\",\"@id\":\"https:\\\/\\\/www.skalnik.pl\\\/blog\\\/wywiady\\\/#listItem\",\"position\":2,\"name\":\"Wywiady\",\"previousItem\":{\"@type\":\"ListItem\",\"@id\":\"https:\\\/\\\/www.skalnik.pl\\\/blog#listItem\",\"name\":\"Home\"}}]},{\"@type\":\"Organization\",\"@id\":\"https:\\\/\\\/www.skalnik.pl\\\/blog\\\/#organization\",\"name\":\"blog Skalnik\",\"description\":\"Blog, porady, artyku\\u0142y - blog Skalnik\",\"url\":\"https:\\\/\\\/www.skalnik.pl\\\/blog\\\/\"},{\"@type\":\"WebPage\",\"@id\":\"https:\\\/\\\/www.skalnik.pl\\\/blog\\\/wywiady\\\/#webpage\",\"url\":\"https:\\\/\\\/www.skalnik.pl\\\/blog\\\/wywiady\\\/\",\"name\":\"Wywiady - blog Skalnik\",\"description\":\"Ludzie outdooru maj\\u0105 ca\\u0142\\u0105 mas\\u0119 ciekawych historii do opowiedzenia. Ich styl \\u017cycia, aktywno\\u015bci, kt\\u00f3rych si\\u0119 podejmuj\\u0105 i miejsca, w kt\\u00f3rych bywaj\\u0105 \\u2013 wszystko to mo\\u017ce sta\\u0107 si\\u0119 tematem ciekawej i szczerej rozmowy. Na pewno zainteresuje ci\\u0119 sk\\u0105d alpini\\u015bci bior\\u0105 pomys\\u0142y na realizacj\\u0119 kolejnych projekt\\u00f3w lub to czy w g\\u00f3rach towarzyszy im strach. Z pewno\\u015bci\\u0105 ch\\u0119tnie\",\"inLanguage\":\"pl-PL\",\"isPartOf\":{\"@id\":\"https:\\\/\\\/www.skalnik.pl\\\/blog\\\/#website\"},\"breadcrumb\":{\"@id\":\"https:\\\/\\\/www.skalnik.pl\\\/blog\\\/wywiady\\\/#breadcrumblist\"},\"datePublished\":\"2019-03-22T13:44:22+02:00\",\"dateModified\":\"2019-03-27T09:05:48+02:00\"},{\"@type\":\"WebSite\",\"@id\":\"https:\\\/\\\/www.skalnik.pl\\\/blog\\\/#website\",\"url\":\"https:\\\/\\\/www.skalnik.pl\\\/blog\\\/\",\"name\":\"blog Skalnik\",\"description\":\"Blog, porady, artyku\\u0142y - blog Skalnik\",\"inLanguage\":\"pl-PL\",\"publisher\":{\"@id\":\"https:\\\/\\\/www.skalnik.pl\\\/blog\\\/#organization\"}}]}\n\t\t<\/script>\n\t\t<!-- All in One SEO -->\n\n","aioseo_head_json":{"title":"Wywiady - blog Skalnik","description":"Ludzie outdooru maj\u0105 ca\u0142\u0105 mas\u0119 ciekawych historii do opowiedzenia. Ich styl \u017cycia, aktywno\u015bci, kt\u00f3rych si\u0119 podejmuj\u0105 i miejsca, w kt\u00f3rych bywaj\u0105 \u2013 wszystko to mo\u017ce sta\u0107 si\u0119 tematem ciekawej i szczerej rozmowy. Na pewno zainteresuje ci\u0119 sk\u0105d alpini\u015bci bior\u0105 pomys\u0142y na realizacj\u0119 kolejnych projekt\u00f3w lub to czy w g\u00f3rach towarzyszy im strach. Z pewno\u015bci\u0105 ch\u0119tnie","canonical_url":"https:\/\/www.skalnik.pl\/blog\/wywiady\/","robots":"max-image-preview:large","keywords":"","webmasterTools":{"miscellaneous":""},"schema":{"@context":"https:\/\/schema.org","@graph":[{"@type":"BreadcrumbList","@id":"https:\/\/www.skalnik.pl\/blog\/wywiady\/#breadcrumblist","itemListElement":[{"@type":"ListItem","@id":"https:\/\/www.skalnik.pl\/blog#listItem","position":1,"name":"Home","item":"https:\/\/www.skalnik.pl\/blog","nextItem":{"@type":"ListItem","@id":"https:\/\/www.skalnik.pl\/blog\/wywiady\/#listItem","name":"Wywiady"}},{"@type":"ListItem","@id":"https:\/\/www.skalnik.pl\/blog\/wywiady\/#listItem","position":2,"name":"Wywiady","previousItem":{"@type":"ListItem","@id":"https:\/\/www.skalnik.pl\/blog#listItem","name":"Home"}}]},{"@type":"Organization","@id":"https:\/\/www.skalnik.pl\/blog\/#organization","name":"blog Skalnik","description":"Blog, porady, artyku\u0142y - blog Skalnik","url":"https:\/\/www.skalnik.pl\/blog\/"},{"@type":"WebPage","@id":"https:\/\/www.skalnik.pl\/blog\/wywiady\/#webpage","url":"https:\/\/www.skalnik.pl\/blog\/wywiady\/","name":"Wywiady - blog Skalnik","description":"Ludzie outdooru maj\u0105 ca\u0142\u0105 mas\u0119 ciekawych historii do opowiedzenia. Ich styl \u017cycia, aktywno\u015bci, kt\u00f3rych si\u0119 podejmuj\u0105 i miejsca, w kt\u00f3rych bywaj\u0105 \u2013 wszystko to mo\u017ce sta\u0107 si\u0119 tematem ciekawej i szczerej rozmowy. Na pewno zainteresuje ci\u0119 sk\u0105d alpini\u015bci bior\u0105 pomys\u0142y na realizacj\u0119 kolejnych projekt\u00f3w lub to czy w g\u00f3rach towarzyszy im strach. Z pewno\u015bci\u0105 ch\u0119tnie","inLanguage":"pl-PL","isPartOf":{"@id":"https:\/\/www.skalnik.pl\/blog\/#website"},"breadcrumb":{"@id":"https:\/\/www.skalnik.pl\/blog\/wywiady\/#breadcrumblist"},"datePublished":"2019-03-22T13:44:22+02:00","dateModified":"2019-03-27T09:05:48+02:00"},{"@type":"WebSite","@id":"https:\/\/www.skalnik.pl\/blog\/#website","url":"https:\/\/www.skalnik.pl\/blog\/","name":"blog Skalnik","description":"Blog, porady, artyku\u0142y - blog Skalnik","inLanguage":"pl-PL","publisher":{"@id":"https:\/\/www.skalnik.pl\/blog\/#organization"}}]},"og:locale":"pl_PL","og:site_name":"blog Skalnik - Blog, porady, artyku\u0142y - blog Skalnik","og:type":"article","og:title":"Wywiady - blog Skalnik","og:description":"Ludzie outdooru maj\u0105 ca\u0142\u0105 mas\u0119 ciekawych historii do opowiedzenia. Ich styl \u017cycia, aktywno\u015bci, kt\u00f3rych si\u0119 podejmuj\u0105 i miejsca, w kt\u00f3rych bywaj\u0105 \u2013 wszystko to mo\u017ce sta\u0107 si\u0119 tematem ciekawej i szczerej rozmowy. Na pewno zainteresuje ci\u0119 sk\u0105d alpini\u015bci bior\u0105 pomys\u0142y na realizacj\u0119 kolejnych projekt\u00f3w lub to czy w g\u00f3rach towarzyszy im strach. Z pewno\u015bci\u0105 ch\u0119tnie","og:url":"https:\/\/www.skalnik.pl\/blog\/wywiady\/","article:published_time":"2019-03-22T12:44:22+00:00","article:modified_time":"2019-03-27T08:05:48+00:00","twitter:card":"summary_large_image","twitter:title":"Wywiady - blog Skalnik","twitter:description":"Ludzie outdooru maj\u0105 ca\u0142\u0105 mas\u0119 ciekawych historii do opowiedzenia. Ich styl \u017cycia, aktywno\u015bci, kt\u00f3rych si\u0119 podejmuj\u0105 i miejsca, w kt\u00f3rych bywaj\u0105 \u2013 wszystko to mo\u017ce sta\u0107 si\u0119 tematem ciekawej i szczerej rozmowy. Na pewno zainteresuje ci\u0119 sk\u0105d alpini\u015bci bior\u0105 pomys\u0142y na realizacj\u0119 kolejnych projekt\u00f3w lub to czy w g\u00f3rach towarzyszy im strach. Z pewno\u015bci\u0105 ch\u0119tnie"},"aioseo_meta_data":{"post_id":"6119","title":"","description":null,"keywords":null,"keyphrases":null,"primary_term":null,"canonical_url":null,"og_title":null,"og_description":null,"og_object_type":"default","og_image_type":"default","og_image_url":null,"og_image_width":null,"og_image_height":null,"og_image_custom_url":null,"og_image_custom_fields":null,"og_video":null,"og_custom_url":null,"og_article_section":null,"og_article_tags":null,"twitter_use_og":false,"twitter_card":"default","twitter_image_type":"default","twitter_image_url":null,"twitter_image_custom_url":null,"twitter_image_custom_fields":null,"twitter_title":null,"twitter_description":null,"schema":{"blockGraphs":[],"customGraphs":[],"default":{"data":{"Article":[],"Course":[],"Dataset":[],"FAQPage":[],"Movie":[],"Person":[],"Product":[],"ProductReview":[],"Car":[],"Recipe":[],"Service":[],"SoftwareApplication":[],"WebPage":[]},"graphName":"WebPage","isEnabled":true},"graphs":[]},"schema_type":"default","schema_type_options":null,"pillar_content":false,"robots_default":true,"robots_noindex":false,"robots_noarchive":false,"robots_nosnippet":false,"robots_nofollow":false,"robots_noimageindex":false,"robots_noodp":false,"robots_notranslate":false,"robots_max_snippet":null,"robots_max_videopreview":null,"robots_max_imagepreview":"large","priority":null,"frequency":null,"local_seo":null,"breadcrumb_settings":null,"limit_modified_date":false,"ai":null,"created":"2022-08-26 09:33:21","updated":"2026-02-17 21:06:42","seo_analyzer_scan_date":null},"aioseo_breadcrumb":"<div class=\"aioseo-breadcrumbs\"><span class=\"aioseo-breadcrumb\">\n\t\t\t<a href=\"https:\/\/www.skalnik.pl\/blog\" title=\"Home\">Home<\/a>\n\t\t<\/span><span class=\"aioseo-breadcrumb-separator\">&raquo;<\/span><span class=\"aioseo-breadcrumb\">\n\t\t\tWywiady\n\t\t<\/span><\/div>","aioseo_breadcrumb_json":[{"label":"Home","link":"https:\/\/www.skalnik.pl\/blog"},{"label":"Wywiady","link":"https:\/\/www.skalnik.pl\/blog\/wywiady\/"}],"_links":{"self":[{"href":"https:\/\/www.skalnik.pl\/blog\/wp-json\/wp\/v2\/pages\/6119","targetHints":{"allow":["GET"]}}],"collection":[{"href":"https:\/\/www.skalnik.pl\/blog\/wp-json\/wp\/v2\/pages"}],"about":[{"href":"https:\/\/www.skalnik.pl\/blog\/wp-json\/wp\/v2\/types\/page"}],"author":[{"embeddable":true,"href":"https:\/\/www.skalnik.pl\/blog\/wp-json\/wp\/v2\/users\/7"}],"replies":[{"embeddable":true,"href":"https:\/\/www.skalnik.pl\/blog\/wp-json\/wp\/v2\/comments?post=6119"}],"version-history":[{"count":3,"href":"https:\/\/www.skalnik.pl\/blog\/wp-json\/wp\/v2\/pages\/6119\/revisions"}],"predecessor-version":[{"id":6157,"href":"https:\/\/www.skalnik.pl\/blog\/wp-json\/wp\/v2\/pages\/6119\/revisions\/6157"}],"wp:attachment":[{"href":"https:\/\/www.skalnik.pl\/blog\/wp-json\/wp\/v2\/media?parent=6119"}],"wp:term":[{"taxonomy":"magento_category","embeddable":true,"href":"https:\/\/www.skalnik.pl\/blog\/wp-json\/wp\/v2\/magento_category?post=6119"}],"curies":[{"name":"wp","href":"https:\/\/api.w.org\/{rel}","templated":true}]}}